{"id":857,"date":"2016-09-26T08:41:43","date_gmt":"2016-09-26T06:41:43","guid":{"rendered":"http:\/\/gebrueder-schmid-zentrum.de\/fachtagung\/?page_id=857"},"modified":"2016-09-30T14:13:30","modified_gmt":"2016-09-30T12:13:30","slug":"das-vermaechtnis-von-rudolf-schmid-und-hermann-schmid","status":"publish","type":"page","link":"https:\/\/gebrueder-schmid-zentrum.de\/fachtagung\/das-vermaechtnis-von-rudolf-schmid-und-hermann-schmid\/","title":{"rendered":"Das Verm\u00e4chtnis von Rudolf Schmid und Hermann Schmid"},"content":{"rendered":"<p><span style=\"color: #000000;\"><img loading=\"lazy\" class=\"alignleft wp-image-858 \" title=\"Foto: Edgar Kurz\" src=\"http:\/\/gebrueder-schmid-zentrum.de\/fachtagung\/wp-content\/uploads\/2016\/09\/FotoEdgarKurz-274x300.jpg\" width=\"197\" height=\"216\" srcset=\"https:\/\/gebrueder-schmid-zentrum.de\/fachtagung\/wp-content\/uploads\/2016\/09\/FotoEdgarKurz-274x300.jpg 274w, https:\/\/gebrueder-schmid-zentrum.de\/fachtagung\/wp-content\/uploads\/2016\/09\/FotoEdgarKurz.jpg 600w\" sizes=\"(max-width: 197px) 100vw, 197px\" \/><br \/>\nNach ihrem Tod vermachten die beiden Br\u00fcder Rudolf Schmid und Hermann Schmid ihr gesamtes Verm\u00f6gen von \u00fcber 100 Millionen DM als bisher einmalige Jahrhunderterbschaft an die Landeshauptstadt Stuttgart. Aus den Mitteln ihrer eingerichteten Stiftung wurden in Stuttgart f\u00fcnf soziale Einrichtungen verwirklicht \u2013 eine davon ist das Generationenhaus Heslach. Es wurde im August 2001 fertig gestellt und bereits im Oktober des gleichen Jahres kamen die ersten Bewohner.<\/span><br \/>\n<span style=\"color: #000000;\"><br \/>\nDie Landeshauptstadt Stuttgart ist den beiden au\u00dferordentlich gro\u00dfz\u00fcgigen Stiftern f\u00fcr ihr vorbildliches soziales Engagement zutiefst verbunden und wird sich ihrer stets mit <\/span><span style=\"color: #000000;\">gro\u00dfer Dankbarkeit erinnern. Den beiden Testamentsvollstreckern der Rudolf Schmid <\/span><span style=\"color: #000000;\">und Hermann Schmid Stiftung, <span style=\"text-decoration: underline;\">Edgar Kurz<\/span> und Werner Krieger, gilt der Dank ebenso. <\/span><span style=\"color: #000000;\">Seit mehr als 15 Jahren \u00fcberwachen sie die sachgem\u00e4\u00dfe Verwendung der Mittel und <\/span><span style=\"color: #000000;\">k\u00fcmmern sich auch weiterhin um die realisierten Projekte mit gro\u00dfem Interesse und <\/span><span style=\"color: #000000;\">praktischem Engagement. Ohne sie h\u00e4tte das Verm\u00e4chtnis der beiden Br\u00fcder nicht in <\/span><span style=\"color: #000000;\">dieser Qualit\u00e4t und so erfolgreich umgesetzt werden k\u00f6nnen.<br \/>\n<\/span><br \/>\n<span style=\"text-decoration: underline; color: #000000;\"> Edgar Kurz, Testamentsvollstrecker und\u00a0 Gesch\u00e4ftsf\u00fchrer von R. und H. Schmid:<\/span><br \/>\n<span style=\"color: #000000;\"> \u201eEs war den Herren Rudolf Schmid und Hermann Schmid ein gro\u00dfes Anliegen, ihr umfangreiches <\/span><span style=\"color: #000000;\">Verm\u00f6gen \u00fcber eine unselbst\u00e4ndige Stiftung der Stadt Stuttgart als Alleinerbin <\/span><span style=\"color: #000000;\">zukommen zu lassen, damit es f\u00fcr den Bau von Alten-, Wohn- und Pflegeheimen <\/span><span style=\"color: #000000;\">verwendet wird. Die Namen der beiden Stifter werden auf diese Weise in Stuttgart permanent <\/span><span style=\"color: #000000;\">mit Leben erf\u00fcllt. In kreativer Zusammenarbeit mit der fr\u00fcheren Sozialb\u00fcrgermeisterin <\/span><span style=\"color: #000000;\">Frau M\u00fcller-Trimbusch haben wir H\u00e4user gebaut, die das Pr\u00e4dikat \u201aSolit\u00e4r\u2019 verdient haben. Schlie\u00dflich sind sie einzigartig in Deutschland, wenn nicht gar <\/span><span style=\"color: #000000;\">weltweit.<\/span><br \/>\n<span style=\"color: #000000;\"> Die Stiftungsfinanzierung erm\u00f6glichte es uns, diese H\u00e4user so zu bauen, wie man sie <\/span><span style=\"color: #000000;\">eigentlich haben m\u00f6chte. Wir konnten \u00fcber Architektur und Raumgr\u00f6\u00dfe, Lichteinfall und <\/span><span style=\"color: #000000;\">Helligkeit, Farben und Materialien, Lebens-, Arbeits- und Wohnqualit\u00e4t entscheiden. <\/span><span style=\"color: #000000;\">Diese gro\u00dfartige Freiheit haben wir genutzt \u2013 f\u00fcr die Menschen, die sich darin wohl <\/span><span style=\"color: #000000;\">f\u00fchlen sollen. Und auch ganz im Sinne der beiden Stifter Rudolf Schmid und Hermann <\/span><span style=\"color: #000000;\">Schmid.<\/span><br \/>\n<span style=\"color: #000000;\"> Konzept und Architektur wurden inzwischen mehrfach pr\u00e4miert. Darauf sind wir stolz. <\/span><span style=\"color: #000000;\">In den Jahren 1998 bis 2001 entstanden insgesamt f\u00fcnf unverwechselbare Einrichtungen, <\/span><span style=\"color: #000000;\">die so gestaltet wurden, dass sich jede(r) selbst gern darin aufhalten w\u00fcrde. Es sind <\/span><span style=\"color: #000000;\">architektonische \u201aEdelsteine\u2019, deren Konzepte und Bauweise bis heute einmalig sind: das <\/span><span style=\"color: #000000;\">Seniorenzentrum Rohrer H\u00f6he, die Kindertagesst\u00e4tte Pfennig\u00e4cker, die Generationenh\u00e4user Heslach und West und die Senioren-Begegnungsst\u00e4tte Schloss-Scheuer Stuttgart-Stammheim. In Heslach gibt es au\u00dferdem den Gebr\u00fcder-Schmid-Weg, was mich besonders freut, denn ich denke, die Stifter haben es verdient, dass eine Stra\u00dfe in Stuttgart ihren Namen tr\u00e4gt.\u201c<\/span><\/p>\n","protected":false},"excerpt":{"rendered":"<p>Nach ihrem Tod vermachten die beiden Br\u00fcder Rudolf Schmid und Hermann Schmid ihr gesamtes Verm\u00f6gen von \u00fcber 100 Millionen DM als bisher einmalige Jahrhunderterbschaft an die Landeshauptstadt Stuttgart. Aus den Mitteln ihrer eingerichteten Stiftung wurden in Stuttgart f\u00fcnf soziale Einrichtungen verwirklicht \u2013 eine davon ist das Generationenhaus Heslach. Es wurde im August 2001 fertig gestellt [&hellip;]<\/p>\n","protected":false},"author":2,"featured_media":0,"parent":0,"menu_order":0,"comment_status":"closed","ping_status":"closed","template":"","meta":[],"yoast_head":"<!-- This site is optimized with the Yoast SEO plugin v18.4.1 - https:\/\/yoast.com\/wordpress\/plugins\/seo\/ -->\n<title>Das Verm\u00e4chtnis von Rudolf Schmid und Hermann Schmid - Fachtagung<\/title>\n<meta name=\"robots\" content=\"index, follow, max-snippet:-1, max-image-preview:large, max-video-preview:-1\" \/>\n<link rel=\"canonical\" href=\"https:\/\/gebrueder-schmid-zentrum.de\/fachtagung\/das-vermaechtnis-von-rudolf-schmid-und-hermann-schmid\/\" \/>\n<meta property=\"og:locale\" content=\"de_DE\" \/>\n<meta property=\"og:type\" content=\"article\" \/>\n<meta property=\"og:title\" content=\"Das Verm\u00e4chtnis von Rudolf Schmid und Hermann Schmid - Fachtagung\" \/>\n<meta property=\"og:description\" content=\"Nach ihrem Tod vermachten die beiden Br\u00fcder Rudolf Schmid und Hermann Schmid ihr gesamtes Verm\u00f6gen von \u00fcber 100 Millionen DM als bisher einmalige Jahrhunderterbschaft an die Landeshauptstadt Stuttgart. Aus den Mitteln ihrer eingerichteten Stiftung wurden in Stuttgart f\u00fcnf soziale Einrichtungen verwirklicht \u2013 eine davon ist das Generationenhaus Heslach. Es wurde im August 2001 fertig gestellt [&hellip;]\" \/>\n<meta property=\"og:url\" content=\"https:\/\/gebrueder-schmid-zentrum.de\/fachtagung\/das-vermaechtnis-von-rudolf-schmid-und-hermann-schmid\/\" \/>\n<meta property=\"og:site_name\" content=\"Fachtagung\" \/>\n<meta property=\"article:modified_time\" content=\"2016-09-30T12:13:30+00:00\" \/>\n<meta property=\"og:image\" content=\"http:\/\/gebrueder-schmid-zentrum.de\/fachtagung\/wp-content\/uploads\/2016\/09\/FotoEdgarKurz-274x300.jpg\" \/>\n<meta name=\"twitter:card\" content=\"summary\" \/>\n<meta name=\"twitter:label1\" content=\"Gesch\u00e4tzte Lesezeit\" \/>\n\t<meta name=\"twitter:data1\" content=\"2\u00a0Minuten\" \/>\n<script type=\"application\/ld+json\" class=\"yoast-schema-graph\">{\"@context\":\"https:\/\/schema.org\",\"@graph\":[{\"@type\":\"WebSite\",\"@id\":\"https:\/\/gebrueder-schmid-zentrum.de\/fachtagung\/#website\",\"url\":\"https:\/\/gebrueder-schmid-zentrum.de\/fachtagung\/\",\"name\":\"Fachtagung\",\"description\":\"\",\"potentialAction\":[{\"@type\":\"SearchAction\",\"target\":{\"@type\":\"EntryPoint\",\"urlTemplate\":\"https:\/\/gebrueder-schmid-zentrum.de\/fachtagung\/?s={search_term_string}\"},\"query-input\":\"required name=search_term_string\"}],\"inLanguage\":\"de\"},{\"@type\":\"ImageObject\",\"@id\":\"https:\/\/gebrueder-schmid-zentrum.de\/fachtagung\/das-vermaechtnis-von-rudolf-schmid-und-hermann-schmid\/#primaryimage\",\"inLanguage\":\"de\",\"url\":\"http:\/\/gebrueder-schmid-zentrum.de\/fachtagung\/wp-content\/uploads\/2016\/09\/FotoEdgarKurz-274x300.jpg\",\"contentUrl\":\"http:\/\/gebrueder-schmid-zentrum.de\/fachtagung\/wp-content\/uploads\/2016\/09\/FotoEdgarKurz-274x300.jpg\"},{\"@type\":\"WebPage\",\"@id\":\"https:\/\/gebrueder-schmid-zentrum.de\/fachtagung\/das-vermaechtnis-von-rudolf-schmid-und-hermann-schmid\/#webpage\",\"url\":\"https:\/\/gebrueder-schmid-zentrum.de\/fachtagung\/das-vermaechtnis-von-rudolf-schmid-und-hermann-schmid\/\",\"name\":\"Das Verm\u00e4chtnis von Rudolf Schmid und Hermann Schmid - Fachtagung\",\"isPartOf\":{\"@id\":\"https:\/\/gebrueder-schmid-zentrum.de\/fachtagung\/#website\"},\"primaryImageOfPage\":{\"@id\":\"https:\/\/gebrueder-schmid-zentrum.de\/fachtagung\/das-vermaechtnis-von-rudolf-schmid-und-hermann-schmid\/#primaryimage\"},\"datePublished\":\"2016-09-26T06:41:43+00:00\",\"dateModified\":\"2016-09-30T12:13:30+00:00\",\"breadcrumb\":{\"@id\":\"https:\/\/gebrueder-schmid-zentrum.de\/fachtagung\/das-vermaechtnis-von-rudolf-schmid-und-hermann-schmid\/#breadcrumb\"},\"inLanguage\":\"de\",\"potentialAction\":[{\"@type\":\"ReadAction\",\"target\":[\"https:\/\/gebrueder-schmid-zentrum.de\/fachtagung\/das-vermaechtnis-von-rudolf-schmid-und-hermann-schmid\/\"]}]},{\"@type\":\"BreadcrumbList\",\"@id\":\"https:\/\/gebrueder-schmid-zentrum.de\/fachtagung\/das-vermaechtnis-von-rudolf-schmid-und-hermann-schmid\/#breadcrumb\",\"itemListElement\":[{\"@type\":\"ListItem\",\"position\":1,\"name\":\"Startseite\",\"item\":\"https:\/\/gebrueder-schmid-zentrum.de\/fachtagung\/\"},{\"@type\":\"ListItem\",\"position\":2,\"name\":\"Das Verm\u00e4chtnis von Rudolf Schmid und Hermann Schmid\"}]}]}<\/script>\n<!-- \/ Yoast SEO plugin. -->","yoast_head_json":{"title":"Das Verm\u00e4chtnis von Rudolf Schmid und Hermann Schmid - Fachtagung","robots":{"index":"index","follow":"follow","max-snippet":"max-snippet:-1","max-image-preview":"max-image-preview:large","max-video-preview":"max-video-preview:-1"},"canonical":"https:\/\/gebrueder-schmid-zentrum.de\/fachtagung\/das-vermaechtnis-von-rudolf-schmid-und-hermann-schmid\/","og_locale":"de_DE","og_type":"article","og_title":"Das Verm\u00e4chtnis von Rudolf Schmid und Hermann Schmid - Fachtagung","og_description":"Nach ihrem Tod vermachten die beiden Br\u00fcder Rudolf Schmid und Hermann Schmid ihr gesamtes Verm\u00f6gen von \u00fcber 100 Millionen DM als bisher einmalige Jahrhunderterbschaft an die Landeshauptstadt Stuttgart. Aus den Mitteln ihrer eingerichteten Stiftung wurden in Stuttgart f\u00fcnf soziale Einrichtungen verwirklicht \u2013 eine davon ist das Generationenhaus Heslach. Es wurde im August 2001 fertig gestellt [&hellip;]","og_url":"https:\/\/gebrueder-schmid-zentrum.de\/fachtagung\/das-vermaechtnis-von-rudolf-schmid-und-hermann-schmid\/","og_site_name":"Fachtagung","article_modified_time":"2016-09-30T12:13:30+00:00","og_image":[{"url":"http:\/\/gebrueder-schmid-zentrum.de\/fachtagung\/wp-content\/uploads\/2016\/09\/FotoEdgarKurz-274x300.jpg"}],"twitter_card":"summary","twitter_misc":{"Gesch\u00e4tzte Lesezeit":"2\u00a0Minuten"},"schema":{"@context":"https:\/\/schema.org","@graph":[{"@type":"WebSite","@id":"https:\/\/gebrueder-schmid-zentrum.de\/fachtagung\/#website","url":"https:\/\/gebrueder-schmid-zentrum.de\/fachtagung\/","name":"Fachtagung","description":"","potentialAction":[{"@type":"SearchAction","target":{"@type":"EntryPoint","urlTemplate":"https:\/\/gebrueder-schmid-zentrum.de\/fachtagung\/?s={search_term_string}"},"query-input":"required name=search_term_string"}],"inLanguage":"de"},{"@type":"ImageObject","@id":"https:\/\/gebrueder-schmid-zentrum.de\/fachtagung\/das-vermaechtnis-von-rudolf-schmid-und-hermann-schmid\/#primaryimage","inLanguage":"de","url":"http:\/\/gebrueder-schmid-zentrum.de\/fachtagung\/wp-content\/uploads\/2016\/09\/FotoEdgarKurz-274x300.jpg","contentUrl":"http:\/\/gebrueder-schmid-zentrum.de\/fachtagung\/wp-content\/uploads\/2016\/09\/FotoEdgarKurz-274x300.jpg"},{"@type":"WebPage","@id":"https:\/\/gebrueder-schmid-zentrum.de\/fachtagung\/das-vermaechtnis-von-rudolf-schmid-und-hermann-schmid\/#webpage","url":"https:\/\/gebrueder-schmid-zentrum.de\/fachtagung\/das-vermaechtnis-von-rudolf-schmid-und-hermann-schmid\/","name":"Das Verm\u00e4chtnis von Rudolf Schmid und Hermann Schmid - Fachtagung","isPartOf":{"@id":"https:\/\/gebrueder-schmid-zentrum.de\/fachtagung\/#website"},"primaryImageOfPage":{"@id":"https:\/\/gebrueder-schmid-zentrum.de\/fachtagung\/das-vermaechtnis-von-rudolf-schmid-und-hermann-schmid\/#primaryimage"},"datePublished":"2016-09-26T06:41:43+00:00","dateModified":"2016-09-30T12:13:30+00:00","breadcrumb":{"@id":"https:\/\/gebrueder-schmid-zentrum.de\/fachtagung\/das-vermaechtnis-von-rudolf-schmid-und-hermann-schmid\/#breadcrumb"},"inLanguage":"de","potentialAction":[{"@type":"ReadAction","target":["https:\/\/gebrueder-schmid-zentrum.de\/fachtagung\/das-vermaechtnis-von-rudolf-schmid-und-hermann-schmid\/"]}]},{"@type":"BreadcrumbList","@id":"https:\/\/gebrueder-schmid-zentrum.de\/fachtagung\/das-vermaechtnis-von-rudolf-schmid-und-hermann-schmid\/#breadcrumb","itemListElement":[{"@type":"ListItem","position":1,"name":"Startseite","item":"https:\/\/gebrueder-schmid-zentrum.de\/fachtagung\/"},{"@type":"ListItem","position":2,"name":"Das Verm\u00e4chtnis von Rudolf Schmid und Hermann Schmid"}]}]}},"_links":{"self":[{"href":"https:\/\/gebrueder-schmid-zentrum.de\/fachtagung\/wp-json\/wp\/v2\/pages\/857"}],"collection":[{"href":"https:\/\/gebrueder-schmid-zentrum.de\/fachtagung\/wp-json\/wp\/v2\/pages"}],"about":[{"href":"https:\/\/gebrueder-schmid-zentrum.de\/fachtagung\/wp-json\/wp\/v2\/types\/page"}],"author":[{"embeddable":true,"href":"https:\/\/gebrueder-schmid-zentrum.de\/fachtagung\/wp-json\/wp\/v2\/users\/2"}],"replies":[{"embeddable":true,"href":"https:\/\/gebrueder-schmid-zentrum.de\/fachtagung\/wp-json\/wp\/v2\/comments?post=857"}],"version-history":[{"count":25,"href":"https:\/\/gebrueder-schmid-zentrum.de\/fachtagung\/wp-json\/wp\/v2\/pages\/857\/revisions"}],"predecessor-version":[{"id":902,"href":"https:\/\/gebrueder-schmid-zentrum.de\/fachtagung\/wp-json\/wp\/v2\/pages\/857\/revisions\/902"}],"wp:attachment":[{"href":"https:\/\/gebrueder-schmid-zentrum.de\/fachtagung\/wp-json\/wp\/v2\/media?parent=857"}],"curies":[{"name":"wp","href":"https:\/\/api.w.org\/{rel}","templated":true}]}}